{"instagram_id":null,"username":"realmadrid","full_name":"Real Madrid C.F.","description":"\u00e2\u0161\u00bd\u00ef\u00b8\u008f Official profile of Real Madrid C.F.\n\u00f0\u0178\u008f\u2020 13 times European Champions\n\u00f0\u0178\u0152\u008d FIFA Best Club of the 20th Century\n\u00f0\u0178\u201c\u00b1 #HalaMadrid","website":"https:\/\/www.youtube.com\/watch?v=UA03GRGXjeU","followers":"67376773","following":"34","uploads":"2541","added_date":"2018-07-23 17:01:45","last_check_date":null,"last_successful_check_date":null,"profile_picture_url":"https:\/\/scontent-ort2-1.cdninstagram.com\/vp\/3754e6d649f1178eb2532778bc748906\/5CD33E22\/t51.2885-19\/s150x150\/46102078_2167236986873985_5956063661712736256_n.jpg?_nc_ht=scontent-ort2-1.cdninstagram.com","is_private":"0","is_verified":"1","average_engagement_rate":"1.32","details":{"total_likes":8821396,"total_comments":99580,"average_comments":"9,958.00","average_likes":"882,139.60","top_hashtags":{"HalaMadrid":7,"RMCity":2,"WelcomeBrahim":1,"RMLiga":1,"RMHistory":1,"Emirates":1,"RealMadrid":1},"top_mentions":{"Brahim,":2,"RealMadrid":2,"RealMadrid!":2,"OficialRC3":1,"karimbenzema":1,"raphaelvarane":1,"Casemiro":1,"LukaModric10":1},"top_posts":{"BsTft76HCT6":"2.09","BsGW9RrHRpA":"1.68","Br-ifcFogMO":"1.66"}},"is_featured":"1","access":true,"media":[{"media_id":"1951078956444451205","instagram_user_id":"1867","shortcode":"BsTn_k_nIGF","created_date":"1546806757","caption":"Real Madrid and Manchester City have reached an agreement over the transfer of @Brahim, who joins the club for the remainder of this season and the next six campaigns, until 30 June 2025.\n-\nEl @RealMadrid y el Manchester City han acordado el traspaso del jugador @Brahim, que queda vinculado al club lo que resta de temporada y las seis siguientes, hasta el 30 de junio de 2025.\n#WelcomeBrahim | #HalaMadrid","comments":"23277","likes":"1044217","media_url":"https:\/\/www.instagram.com\/p\/BsTn_k_nIGF","media_image_url":"https:\/\/scontent-ort2-1.cdninstagram.com\/vp\/77defc818af035ba64dcfa017d16512c\/5CBC673E\/t51.2885-15\/e35\/s150x150\/49933522_525536087958005_4839753797459426244_n.jpg?_nc_ht=scontent-ort2-1.cdninstagram.com","type":"IMAGE","mentions":["Brahim,","RealMadrid","Brahim,"],"hashtags":["WelcomeBrahim","HalaMadrid"],"date":null,"last_check_date":null},{"media_id":"1951042559725544698","instagram_user_id":"1867","shortcode":"BsTft76HCT6","created_date":"1546802419","caption":"Real Madrid 0-2 Real Sociedad\n\u00e2\u0161\u00bd 3' Willian J (pen)\n\u00e2\u0161\u00bd\u00ef\u00b8\u008f 83' R. Pardo\n#RMLiga","comments":"34761","likes":"1375125","media_url":"https:\/\/www.instagram.com\/p\/BsTft76HCT6","media_image_url":"https:\/\/scontent-ort2-1.cdninstagram.com\/vp\/96a758d8de2cf8fc927569c85e2fcc0b\/5CC65DA6\/t51.2885-15\/e35\/s150x150\/47125855_167303660913393_7874541058883857582_n.jpg?_nc_ht=scontent-ort2-1.cdninstagram.com","type":"IMAGE","mentions":[],"hashtags":["RMLiga"],"date":null,"last_check_date":null},{"media_id":"1950246328934115477","instagram_user_id":"1867","shortcode":"BsQqrQMoKiV","created_date":"1546707540","caption":"\u00f0\u0178\u0161\u20ac What a hit!\n\u00f0\u0178\u2021\u00a7\u00f0\u0178\u2021\u00b7 @OficialRC3\n\u00f0\u0178\u2020\u0161 Real Sociedad\n#RMHistory | #HalaMadrid","comments":"3228","likes":"606443","media_url":"https:\/\/www.instagram.com\/p\/BsQqrQMoKiV","media_image_url":"https:\/\/scontent-ort2-1.cdninstagram.com\/vp\/7b96fcc8d13b331f998f0b96551eb8b0\/5C35D22C\/t51.2885-15\/e15\/s150x150\/47585666_1461785037288159_6209477189737989666_n.jpg?_nc_ht=scontent-ort2-1.cdninstagram.com","type":"VIDEO","mentions":["OficialRC3"],"hashtags":["RMHistory","HalaMadrid"],"date":"2019-01-06 10:19:52","last_check_date":null},{"media_id":"1948960017610686086","instagram_user_id":"1867","shortcode":"BsMGM9bH76G","created_date":"1546554160","caption":"Villarreal 2-2 Real Madrid\n\u00e2\u0161\u00bd 4' Cazorla\n\u00e2\u0161\u00bd 7' @karimbenzema\n\u00e2\u0161\u00bd 20' @raphaelvarane\n\u00e2\u0161\u00bd 82' Cazorla\n#Emirates | #HalaMadrid","comments":"11417","likes":"920306","media_url":"https:\/\/www.instagram.com\/p\/BsMGM9bH76G","media_image_url":"https:\/\/scontent-ort2-1.cdninstagram.com\/vp\/042e8970f2838f79c7ac289a017d03db\/5CD52682\/t51.2885-15\/e35\/s150x150\/47151026_597508877347973_5898454492712495743_n.jpg?_nc_ht=scontent-ort2-1.cdninstagram.com","type":"IMAGE","mentions":["karimbenzema","raphaelvarane"],"hashtags":["Emirates","HalaMadrid"],"date":"2019-01-05 09:19:44","last_check_date":null},{"media_id":"1948034636858852553","instagram_user_id":"1867","shortcode":"BsIzy5cIQTJ","created_date":"1546443854","caption":"\u00f0\u0178\u2018\u0152 Two touches, one GOLAZO!\n@Casemiro | #RMCity","comments":"2174","likes":"624442","media_url":"https:\/\/www.instagram.com\/p\/BsIzy5cIQTJ","media_image_url":"https:\/\/scontent-ort2-1.cdninstagram.com\/vp\/9139a3205df7d2aeec891e0087d51ed1\/5C35729F\/t51.2885-15\/e15\/s150x150\/45278313_1986588461416781_8474406473393912077_n.jpg?_nc_ht=scontent-ort2-1.cdninstagram.com","type":"VIDEO","mentions":["Casemiro"],"hashtags":["RMCity"],"date":"2019-01-05 09:19:44","last_check_date":null},{"media_id":"1947344856772581952","instagram_user_id":"1867","shortcode":"BsGW9RrHRpA","created_date":"1546361618","caption":"\u00f0\u0178\u2018\u008d @LukaModric10 in 2018:\n\u00f0\u0178\u008f\u2020 UEFA Champions League\n\u00f0\u0178\u008f\u2020 FIFA Club World Cup\n\u00f0\u0178\u008f\u2020 Ballon d'Or\n\u00f0\u0178\u008f\u2020 The Best FIFA Men\u00e2\u20ac\u2122s Player\n\u00f0\u0178\u008f\u2020 UEFA Men's Player of the Year\n\u00f0\u0178\u008f\u2020 Champions League Midfielder of the Season\n\u00f0\u0178\u008f\u2020 World Cup Golden Ball\n\u00f0\u0178\u00a5\u02c6 World Cup Runner-Up\n#HalaMadrid","comments":"4199","likes":"1126060","media_url":"https:\/\/www.instagram.com\/p\/BsGW9RrHRpA","media_image_url":"https:\/\/scontent-ort2-1.cdninstagram.com\/vp\/7ae37d4b2dc83fff3160b8fe38b2b88e\/5CCBA454\/t51.2885-15\/e35\/s150x150\/46774032_218871065586873_4974769678855908233_n.jpg?_nc_ht=scontent-ort2-1.cdninstagram.com","type":"IMAGE","mentions":["LukaModric10"],"hashtags":["HalaMadrid"],"date":"2019-01-02 05:39:06","last_check_date":null},{"media_id":"1947101975592293315","instagram_user_id":"1867","shortcode":"BsFfu48o9PD","created_date":"1546333322","caption":"\u00f0\u0178\u017d\u2030\u00f0\u0178\u2020\u2022\nHappy New Year from @RealMadrid!\n\u00c2\u00a1Feliz a\u00c3\u00b1o nuevo de parte del @RealMadrid!\n#HalaMadrid | #RealMadrid","comments":"4973","likes":"682344","media_url":"https:\/\/www.instagram.com\/p\/BsFfu48o9PD","media_image_url":"https:\/\/scontent-ort2-1.cdninstagram.com\/vp\/03cf09f5a136b95381d1d4f2fabde9ae\/5C359238\/t51.2885-15\/e15\/s150x150\/49395928_368211960407037_3488208744074882887_n.jpg?_nc_ht=scontent-ort2-1.cdninstagram.com","type":"VIDEO","mentions":["RealMadrid!","RealMadrid!"],"hashtags":["HalaMadrid","RealMadrid"],"date":"2019-01-02 05:39:06","last_check_date":null},{"media_id":"1946633389148760950","instagram_user_id":"1867","shortcode":"BsD1MD0IGt2","created_date":"1546276827","caption":"\u00e2\u0153\u00a8\u00f0\u0178\u02dc\u017d TOP @RealMadrid skills 2018! #HalaMadrid","comments":"4788","likes":"654024","media_url":"https:\/\/www.instagram.com\/p\/BsD1MD0IGt2","media_image_url":"https:\/\/scontent-ort2-1.cdninstagram.com\/vp\/5ac7ce33fe1c32abb2c7cca68075eb59\/5C354525\/t51.2885-15\/e15\/s150x150\/47142057_2035971576482090_5652916910495023763_n.jpg?_nc_ht=scontent-ort2-1.cdninstagram.com","type":"VIDEO","mentions":["RealMadrid"],"hashtags":["HalaMadrid"],"date":"2019-01-02 05:39:06","last_check_date":null},{"media_id":"1945899123175450929","instagram_user_id":"1867","shortcode":"BsBOPFVnekx","created_date":"1546189273","caption":"\u00e2\u00ac\u2020\u00f0\u0178\u2019\u00aa #RMCity\nJumping back into training like...","comments":"2233","likes":"681511","media_url":"https:\/\/www.instagram.com\/p\/BsBOPFVnekx","media_image_url":"https:\/\/scontent-ort2-1.cdninstagram.com\/vp\/82033aa5f1ff4287c0da9e550836782b\/5CBB6DC0\/t51.2885-15\/e35\/s150x150\/47584149_108000763492354_4371204326270271172_n.jpg?_nc_ht=scontent-ort2-1.cdninstagram.com","type":"IMAGE","mentions":[],"hashtags":["RMCity"],"date":"2018-12-31 03:20:20","last_check_date":null},{"media_id":"1945143783115064078","instagram_user_id":"1867","shortcode":"Br-ifcFogMO","created_date":"1546099399","caption":"\u00f0\u0178\u201d\u009d\u00e2\u0161\u00bd BEST GOALS 2018!\n#HalaMadrid","comments":"8499","likes":"1105045","media_url":"https:\/\/www.instagram.com\/p\/Br-ifcFogMO","media_image_url":"https:\/\/scontent-ort2-1.cdninstagram.com\/vp\/a6806ce0d99da3d78f9d8cd9d07b1bd2\/5C34738F\/t51.2885-15\/e15\/s150x150\/47690915_2222397478008451_8705727444404678882_n.jpg?_nc_ht=scontent-ort2-1.cdninstagram.com","type":"VIDEO","mentions":[],"hashtags":["HalaMadrid"],"date":"2018-12-29 20:31:10","last_check_date":"2019-01-06 10:19:52"}]}